{"id":7924,"date":"2026-06-10T08:12:12","date_gmt":"2026-06-10T08:12:12","guid":{"rendered":"https:\/\/www.educa.pro\/moocs\/organizacion-y-gestion-de-un-taller-o-estudio-grafico\/"},"modified":"2026-06-10T08:12:12","modified_gmt":"2026-06-10T08:12:12","slug":"organisation-and-management-of-a-workshop-or-graphic-design-studio","status":"publish","type":"mooc_course","link":"https:\/\/educa.pro\/en\/curso\/organizacion-y-gestion-de-un-taller-o-estudio-grafico\/","title":{"rendered":"Organisation and Management of a Graphic Design Workshop or Studio"},"content":{"rendered":"<p>Training in \u00ab<strong>Organisation and Management of a Workshop or Graphic Design Studio<\/strong>\u00bb is designed to provide you with the <strong>skills and knowledge<\/strong> required for <strong>manage<\/strong> efficiently and effectively a <strong>graphic design workshop or studio<\/strong>. Throughout this programme, you will learn how to <strong>coordinate resources, plan projects, manage budgets, supervise design teams and ensure the successful delivery of graphic design projects.<\/strong> Topics such as task scheduling and the optimisation of <strong>workflows<\/strong>, cost management and the implementation of quality standards in graphic design. By the end of the course, you will be equipped to successfully lead and manage graphic design workshops or studios, ensuring excellence in the production of visual materials.<\/p>","protected":false},"excerpt":{"rendered":"<p>Esta formaci\u00f3n de Organizaci\u00f3n y Gesti\u00f3n de un Taller o Estudio Gr\u00e1fico, est\u00e1 dirigida a dise\u00f1adores gr\u00e1ficos, gerentes de proyectos de dise\u00f1o, propietarios de talleres de dise\u00f1o gr\u00e1fico, emprendedores y cualquier persona interesada en adquirir habilidades de gesti\u00f3n en el \u00e1mbito del dise\u00f1o gr\u00e1fico.<\/p>","protected":false},"featured_media":0,"template":"","meta":{"site-sidebar-layout":"default","site-content-layout":"","ast-site-content-layout":"default","site-content-style":"default","site-sidebar-style":"default","ast-global-header-display":"","ast-banner-title-visibility":"","ast-main-header-display":"","ast-hfb-above-header-display":"","ast-hfb-below-header-display":"","ast-hfb-mobile-header-display":"","site-post-title":"","ast-breadcrumbs-content":"","ast-featured-img":"","footer-sml-layout":"","ast-disable-related-posts":"","theme-transparent-header-meta":"","adv-header-id-meta":"","stick-header-meta":"","header-above-stick-meta":"","header-main-stick-meta":"","header-below-stick-meta":"","astra-migrate-meta-layouts":"default","ast-page-background-enabled":"default","ast-page-background-meta":{"desktop":{"background-color":"var(--ast-global-color-5)","background-image":"","background-repeat":"repeat","background-position":"center center","background-size":"auto","background-attachment":"scroll","background-type":"","background-media":"","overlay-type":"","overlay-color":"","overlay-opacity":"","overlay-gradient":""},"tablet":{"background-color":"","background-image":"","background-repeat":"repeat","background-position":"center center","background-size":"auto","background-attachment":"scroll","background-type":"","background-media":"","overlay-type":"","overlay-color":"","overlay-opacity":"","overlay-gradient":""},"mobile":{"background-color":"","background-image":"","background-repeat":"repeat","background-position":"center center","background-size":"auto","background-attachment":"scroll","background-type":"","background-media":"","overlay-type":"","overlay-color":"","overlay-opacity":"","overlay-gradient":""}},"ast-content-background-meta":{"desktop":{"background-color":"var(--ast-global-color-4)","background-image":"","background-repeat":"repeat","background-position":"center center","background-size":"auto","background-attachment":"scroll","background-type":"","background-media":"","overlay-type":"","overlay-color":"","overlay-opacity":"","overlay-gradient":""},"tablet":{"background-color":"var(--ast-global-color-4)","background-image":"","background-repeat":"repeat","background-position":"center center","background-size":"auto","background-attachment":"scroll","background-type":"","background-media":"","overlay-type":"","overlay-color":"","overlay-opacity":"","overlay-gradient":""},"mobile":{"background-color":"var(--ast-global-color-4)","background-image":"","background-repeat":"repeat","background-position":"center center","background-size":"auto","background-attachment":"scroll","background-type":"","background-media":"","overlay-type":"","overlay-color":"","overlay-opacity":"","overlay-gradient":""}},"educalms_repo_code":"AFO0284ML","educalms_repo_id":"3279808","educalms_lang":"es","educalms_duration":"40","educalms_duration_type":"693","educalms_image":"https:\/\/cdn.educalxp.ai\/ficheros\/img_cursos\/303866\/303866.jpg","educalms_tags":"Organizaci\u00f3n, Gesti\u00f3n, Taller, Estudio Gr\u00e1fico, Dise\u00f1o, Coordinaci\u00f3n, Presupuestos, Supervisi\u00f3n, Calidad.","educalms_tittle":"Organizaci\u00f3n y Gesti\u00f3n de Un Taller o Estudio Gr\u00e1fico","educalms_type_of_training":"755","educalms_description":"<p>La formaci\u00f3n en \"<strong>Organizaci\u00f3n y Gesti\u00f3n de un Taller o Estudio Gr\u00e1fico<\/strong>\" est\u00e1 dise\u00f1ada para proporcionarte las <strong>habilidades y conocimientos<\/strong> necesarios para <strong>administrar<\/strong> de manera eficiente y efectiva un <strong>taller o estudio de dise\u00f1o gr\u00e1fico<\/strong>. A lo largo de este programa, aprender\u00e1s a <strong>coordinar recursos, planificar proyectos, gestionar presupuestos, supervisar equipos de dise\u00f1o y garantizar la entrega exitosa de proyectos gr\u00e1ficos.<\/strong> Se abordar\u00e1n temas como la programaci\u00f3n de tareas, la optimizaci\u00f3n de <strong>flujos de trabajo<\/strong>, la gesti\u00f3n de costos y la implementaci\u00f3n de est\u00e1ndares de calidad en dise\u00f1o gr\u00e1fico. Al finalizar la formaci\u00f3n, estar\u00e1s preparado\/a para liderar y administrar exitosamente talleres o estudios gr\u00e1ficos, asegurando la excelencia en la producci\u00f3n de materiales visuales.<\/p>","educalms_objectives":"<ul><li><p>Planificar eficientemente <strong>proyectos gr\u00e1ficos<\/strong>.<\/p><\/li><li><p>Coordinar <strong>recursos y flujos<\/strong> de trabajo de dise\u00f1o.<\/p><\/li><li><p>Gestionar <strong>presupuestos<\/strong> de manera efectiva.<\/p><\/li><li><p>Supervisar <strong>equipos de dise\u00f1o y calidad<\/strong> del trabajo.<\/p><\/li><li><p>Liderar <strong>talleres o estudios gr\u00e1ficos<\/strong> con excelencia.<\/p><\/li><\/ul>","educalms_what_prepares_you_for":"<p>Esta formaci\u00f3n en <strong>Organizaci\u00f3n y Gesti\u00f3n de un Taller o Estudio Gr\u00e1fico<\/strong>, te prepara para <strong>liderar la organizaci\u00f3n<\/strong> y <strong>gesti\u00f3n de talleres o estudios gr\u00e1ficos<\/strong>. Adquirir\u00e1s habilidades para planificar proyectos, gestionar recursos y equipos de dise\u00f1o, y garantizar la calidad en la producci\u00f3n de materiales visuales.<\/p>","educalms_audience":"<p>Esta formaci\u00f3n de <strong>Organizaci\u00f3n y Gesti\u00f3n de un Taller o Estudio Gr\u00e1fico,<\/strong> est\u00e1 dirigida a <strong>dise\u00f1adores gr\u00e1ficos<\/strong>, <strong>gerentes de proyectos de dise\u00f1o<\/strong>, <strong>propietarios<\/strong> de talleres de dise\u00f1o gr\u00e1fico, <strong>emprendedores<\/strong> y cualquier persona interesada en adquirir habilidades de gesti\u00f3n en el \u00e1mbito del <strong>dise\u00f1o<\/strong> <strong>gr\u00e1fico<\/strong>.<\/p>","educalms_academies":"911","educalms_area_group":"Sectorial","educalms_area_id":"34","educalms_area_name":"Otros Sectores","educalms_academy_ids":"911"},"mooc_category":[997,996,977],"class_list":["post-7924","mooc_course","type-mooc_course","status-publish","hentry","mooc_category-arte-y-artesania","mooc_category-otros-sectores","mooc_category-sectorial"],"_links":{"self":[{"href":"https:\/\/educa.pro\/en\/wp-json\/wp\/v2\/mooc_course\/7924","targetHints":{"allow":["GET"]}}],"collection":[{"href":"https:\/\/educa.pro\/en\/wp-json\/wp\/v2\/mooc_course"}],"about":[{"href":"https:\/\/educa.pro\/en\/wp-json\/wp\/v2\/types\/mooc_course"}],"wp:attachment":[{"href":"https:\/\/educa.pro\/en\/wp-json\/wp\/v2\/media?parent=7924"}],"wp:term":[{"taxonomy":"mooc_category","embeddable":true,"href":"https:\/\/educa.pro\/en\/wp-json\/wp\/v2\/mooc_category?post=7924"}],"curies":[{"name":"wp","href":"https:\/\/api.w.org\/{rel}","templated":true}]}}