{"id":8089,"date":"2026-06-10T08:22:03","date_gmt":"2026-06-10T08:22:03","guid":{"rendered":"https:\/\/www.educa.pro\/moocs\/corporate-it\/"},"modified":"2026-06-10T08:22:03","modified_gmt":"2026-06-10T08:22:03","slug":"corporate-it","status":"publish","type":"mooc_course","link":"https:\/\/educa.pro\/en\/curso\/corporate-it\/","title":{"rendered":"Corporate IT"},"content":{"rendered":"<p>Thanks to this <strong>Corporate IT course<\/strong>, you\u2019ll gain first-hand insight into the key concepts for effectively managing the <strong>IT Services<\/strong>, such as its processes, the functions and roles of each individual, as well as taking into account their continuous improvement. Furthermore, you will learn about the dimensions of service management and the organisations and people involved in it, alongside partners and suppliers. We must not forget the focus on the <strong>business<\/strong> and how to manage the services within it, with collaboration and communication being of great importance, as well as the <strong>flexibility<\/strong> and the <strong>adaptability<\/strong>. Finally, you will learn about the value chain \u2013 its planning, design and transition \u2013 and, as with everything, how to improve it.<\/p>","protected":false},"excerpt":{"rendered":"<p>Este curso de Corporate IT puede ir dirigido a las nuevas incorporaciones de empresas que deseen la formaci\u00f3n de estos y su especializaci\u00f3n. Adem\u00e1s, este curso te har\u00e1 sentirte valorado y preparado para lo que pueda surgir en tu \u00e1rea de trabajo, permiti\u00e9ndote saber actuar correctamente frente a numerosas situaciones.<\/p>","protected":false},"featured_media":0,"template":"","meta":{"site-sidebar-layout":"default","site-content-layout":"","ast-site-content-layout":"default","site-content-style":"default","site-sidebar-style":"default","ast-global-header-display":"","ast-banner-title-visibility":"","ast-main-header-display":"","ast-hfb-above-header-display":"","ast-hfb-below-header-display":"","ast-hfb-mobile-header-display":"","site-post-title":"","ast-breadcrumbs-content":"","ast-featured-img":"","footer-sml-layout":"","ast-disable-related-posts":"","theme-transparent-header-meta":"","adv-header-id-meta":"","stick-header-meta":"","header-above-stick-meta":"","header-main-stick-meta":"","header-below-stick-meta":"","astra-migrate-meta-layouts":"default","ast-page-background-enabled":"default","ast-page-background-meta":{"desktop":{"background-color":"var(--ast-global-color-5)","background-image":"","background-repeat":"repeat","background-position":"center center","background-size":"auto","background-attachment":"scroll","background-type":"","background-media":"","overlay-type":"","overlay-color":"","overlay-opacity":"","overlay-gradient":""},"tablet":{"background-color":"","background-image":"","background-repeat":"repeat","background-position":"center center","background-size":"auto","background-attachment":"scroll","background-type":"","background-media":"","overlay-type":"","overlay-color":"","overlay-opacity":"","overlay-gradient":""},"mobile":{"background-color":"","background-image":"","background-repeat":"repeat","background-position":"center center","background-size":"auto","background-attachment":"scroll","background-type":"","background-media":"","overlay-type":"","overlay-color":"","overlay-opacity":"","overlay-gradient":""}},"ast-content-background-meta":{"desktop":{"background-color":"var(--ast-global-color-4)","background-image":"","background-repeat":"repeat","background-position":"center center","background-size":"auto","background-attachment":"scroll","background-type":"","background-media":"","overlay-type":"","overlay-color":"","overlay-opacity":"","overlay-gradient":""},"tablet":{"background-color":"var(--ast-global-color-4)","background-image":"","background-repeat":"repeat","background-position":"center center","background-size":"auto","background-attachment":"scroll","background-type":"","background-media":"","overlay-type":"","overlay-color":"","overlay-opacity":"","overlay-gradient":""},"mobile":{"background-color":"var(--ast-global-color-4)","background-image":"","background-repeat":"repeat","background-position":"center center","background-size":"auto","background-attachment":"scroll","background-type":"","background-media":"","overlay-type":"","overlay-color":"","overlay-opacity":"","overlay-gradient":""}},"educalms_repo_code":"AFO028CHN","educalms_repo_id":"3681197","educalms_lang":"es","educalms_duration":"20","educalms_duration_type":"693","educalms_image":"https:\/\/cdn.educalxp.ai\/ficheros\/img_cursos\/345363\/345363.jpg","educalms_tags":"Cadena de valor, Dimensiones, Flexibilidad, Medici\u00f3n, Practicas, Proveedores, Roles, servicios, Tecnolog\u00eda","educalms_tittle":"Corporate IT","educalms_type_of_training":"753","educalms_description":"<p>Gracias a este <strong>curso de Corporate IT<\/strong>, podr\u00e1s conocer de primera mano los conceptos claves para gestionar correctamente los <strong>Servicios TI<\/strong>, como son sus procesos, las funciones de cada uno y sus roles, as\u00ed como tener en cuenta la mejora continua de ellos. Adem\u00e1s, aprender\u00e1s que son las dimensiones en la gesti\u00f3n de servicios y sus organizaciones y personas dentro de \u00e9l acompa\u00f1ados de los socios y proveedores. No podemos olvidar el enfoque en el <strong>negocio<\/strong> y como gestionar los servicios dentro de \u00e9l, siendo de gran importancia la colaboraci\u00f3n y la comunicaci\u00f3n, adem\u00e1s de la <strong>flexibilidad<\/strong> y la <strong>adaptabilidad<\/strong>. Por \u00faltimo, contar\u00e1s con el aprendizaje en cadena de valor, su planificaci\u00f3n, contacto dise\u00f1o y transici\u00f3n, y como en cada, sin dejar atr\u00e1s su mejora.<\/p>","educalms_objectives":"<ul><li><p>Saber de primera mano los conceptos clave para una correcta gesti\u00f3n de servicios <strong>TI<\/strong>.<\/p><\/li><li><p>Conocer las dimensiones de la gesti\u00f3n de servicios junto a sus flujos de <strong>valores<\/strong> y <strong>procesos<\/strong>.<\/p><\/li><li><p>Tener la posibilidad de conocer el enfoque de <strong>negocio<\/strong> y su mejora continua.<\/p><\/li><li><p>Asimilar la adopci\u00f3n de un enfoque de <strong>ciclo de vida<\/strong>.<\/p><\/li><li><p>Saber adoptar pr\u00e1cticas generales de <strong>gesti\u00f3n<\/strong>.<\/p><\/li><\/ul>","educalms_what_prepares_you_for":"<p>Con este<strong> curso de Corporate IT <\/strong>tendr\u00e1s la posibilidad de aprender todas las tendencias sobre tu mundo empresarial como son el <strong>enfoque de negocio<\/strong> y como gestionar los servicios, as\u00ed como aprender la medici\u00f3n y estar en continua mejora para ser alguien competente en este sector. Adem\u00e1s, tendr\u00e1s la posibilidad de conocer las pr\u00e1cticas generales de gesti\u00f3n y su correspondiente <strong>planificaci\u00f3n<\/strong> y <strong>organizaci\u00f3n<\/strong>.<\/p>","educalms_audience":"<p>Este curso de<strong> Corporate IT <\/strong>puede ir dirigido a las nuevas <strong>incorporaciones de empresas<\/strong> que deseen la formaci\u00f3n de estos y su especializaci\u00f3n. Adem\u00e1s, este curso te har\u00e1 sentirte valorado y preparado para lo que pueda surgir en tu \u00e1rea de trabajo, permiti\u00e9ndote saber actuar correctamente frente a <strong>numerosas situaciones<\/strong>.<\/p>","educalms_academies":"3871","educalms_area_group":"Corporativo","educalms_area_id":"16","educalms_area_name":"Gesti\u00f3n Empresarial y Finanzas","educalms_academy_ids":"3871"},"mooc_category":[974,982,1063],"class_list":["post-8089","mooc_course","type-mooc_course","status-publish","hentry","mooc_category-corporativo","mooc_category-gestion-empresarial-y-finanzas","mooc_category-it-corporativo"],"_links":{"self":[{"href":"https:\/\/educa.pro\/en\/wp-json\/wp\/v2\/mooc_course\/8089","targetHints":{"allow":["GET"]}}],"collection":[{"href":"https:\/\/educa.pro\/en\/wp-json\/wp\/v2\/mooc_course"}],"about":[{"href":"https:\/\/educa.pro\/en\/wp-json\/wp\/v2\/types\/mooc_course"}],"wp:attachment":[{"href":"https:\/\/educa.pro\/en\/wp-json\/wp\/v2\/media?parent=8089"}],"wp:term":[{"taxonomy":"mooc_category","embeddable":true,"href":"https:\/\/educa.pro\/en\/wp-json\/wp\/v2\/mooc_category?post=8089"}],"curies":[{"name":"wp","href":"https:\/\/api.w.org\/{rel}","templated":true}]}}